{"id":1587,"date":"2023-03-19T14:29:48","date_gmt":"2023-03-19T13:29:48","guid":{"rendered":"https:\/\/grafinggoesgreen.de\/?page_id=1587"},"modified":"2023-03-19T14:39:05","modified_gmt":"2023-03-19T13:39:05","slug":"neue-beitraege","status":"publish","type":"page","link":"https:\/\/grafinggoesgreen.de\/index.php\/neue-beitraege\/","title":{"rendered":"Neue Beitr\u00e4ge"},"content":{"rendered":"<div class=\"pt-cv-wrapper\"><div class=\"pt-cv-view pt-cv-grid pt-cv-colsys\" id=\"pt-cv-view-2abc070oqs\"><div data-id=\"pt-cv-page-1\" class=\"pt-cv-page\" data-cvc=\"1\"><div class=\"col-md-12 col-sm-12 col-xs-12 pt-cv-content-item pt-cv-2-col\" ><div class='pt-cv-ifield'><a href=\"https:\/\/grafinggoesgreen.de\/index.php\/2024\/10\/18\/26-10-1500-seid-dabei-beim-ersten-ggg-jahrestreffen\/\" class=\"_self pt-cv-href-thumbnail pt-cv-thumb-left\" target=\"_self\" ><img decoding=\"async\" width=\"150\" height=\"150\" src=\"https:\/\/grafinggoesgreen.de\/wp-content\/uploads\/2024\/10\/Grafing-Goes-Green-Jahrestreffen-150x150.jpg\" class=\"pt-cv-thumbnail pull-left\" alt=\"\" srcset=\"https:\/\/grafinggoesgreen.de\/wp-content\/uploads\/2024\/10\/Grafing-Goes-Green-Jahrestreffen-150x150.jpg 150w, https:\/\/grafinggoesgreen.de\/wp-content\/uploads\/2024\/10\/Grafing-Goes-Green-Jahrestreffen-1x1.jpg 1w\" sizes=\"(max-width: 150px) 100vw, 150px\" \/><\/a>\n<div class=\"pt-cv-colwrap\"><h4 class=\"pt-cv-title\"><a href=\"https:\/\/grafinggoesgreen.de\/index.php\/2024\/10\/18\/26-10-1500-seid-dabei-beim-ersten-ggg-jahrestreffen\/\" class=\"_self\" target=\"_self\" >26.10., 15:00: Seid dabei beim ersten GGG-Jahrestreffen!<\/a><\/h4><div class=\"pt-cv-content\">Habt ihr Lust auf Austausch \u00fcber (regionale) Umweltthemen? Auf Vortr\u00e4ge vom BUND Naturschutz, der Gr\u00fcnen Jugend, dem Kerscherbaumhof e.V. und ...<br \/><div class=\"pt-cv-rmwrap\"><a href=\"https:\/\/grafinggoesgreen.de\/index.php\/2024\/10\/18\/26-10-1500-seid-dabei-beim-ersten-ggg-jahrestreffen\/\" class=\"_self pt-cv-readmore btn btn-success\" target=\"_self\">Weiterlesen\u00a0\u2026<\/a><\/div><\/div><\/div><\/div><\/div>\n<div class=\"col-md-12 col-sm-12 col-xs-12 pt-cv-content-item pt-cv-2-col\" ><div class='pt-cv-ifield'><a href=\"https:\/\/grafinggoesgreen.de\/index.php\/2024\/10\/07\/neue-stempelkarten-jetzt-online-abgeben\/\" class=\"_self pt-cv-href-thumbnail pt-cv-thumb-left\" target=\"_self\" ><\/a>\n<div class=\"pt-cv-colwrap\"><h4 class=\"pt-cv-title\"><a href=\"https:\/\/grafinggoesgreen.de\/index.php\/2024\/10\/07\/neue-stempelkarten-jetzt-online-abgeben\/\" class=\"_self\" target=\"_self\" >Neue Stempelkarten \u2013 Jetzt online abgeben!<\/a><\/h4><div class=\"pt-cv-content\">Es gibt Neuigkeiten! Ab jetzt k\u00f6nnt ihr in den teilnehmenden Gesch\u00e4ften unsere neuen Stempelkarten finden. Aber was genau hat sich ...<br \/><div class=\"pt-cv-rmwrap\"><a href=\"https:\/\/grafinggoesgreen.de\/index.php\/2024\/10\/07\/neue-stempelkarten-jetzt-online-abgeben\/\" class=\"_self pt-cv-readmore btn btn-success\" target=\"_self\">Weiterlesen\u00a0\u2026<\/a><\/div><\/div><\/div><\/div><\/div>\n<div class=\"col-md-12 col-sm-12 col-xs-12 pt-cv-content-item pt-cv-2-col\" ><div class='pt-cv-ifield'><a href=\"https:\/\/grafinggoesgreen.de\/index.php\/2024\/09\/24\/grafing-goes-green-auf-dem-superbloom-festival-2024\/\" class=\"_self pt-cv-href-thumbnail pt-cv-thumb-left\" target=\"_self\" ><img decoding=\"async\" width=\"150\" height=\"150\" src=\"https:\/\/grafinggoesgreen.de\/wp-content\/uploads\/2024\/09\/IMG_2786-150x150.jpeg\" class=\"pt-cv-thumbnail pull-left\" alt=\"\" srcset=\"https:\/\/grafinggoesgreen.de\/wp-content\/uploads\/2024\/09\/IMG_2786-150x150.jpeg 150w, https:\/\/grafinggoesgreen.de\/wp-content\/uploads\/2024\/09\/IMG_2786-1x1.jpeg 1w\" sizes=\"(max-width: 150px) 100vw, 150px\" \/><\/a>\n<div class=\"pt-cv-colwrap\"><h4 class=\"pt-cv-title\"><a href=\"https:\/\/grafinggoesgreen.de\/index.php\/2024\/09\/24\/grafing-goes-green-auf-dem-superbloom-festival-2024\/\" class=\"_self\" target=\"_self\" >Grafing Goes Green auf dem SUPERBLOOM Festival 2024<\/a><\/h4><div class=\"pt-cv-content\">Grafing goes Green auf dem SUPERBLOOM Festival 2024 Am 7. Und 8. September 2024 fand erneut das SUPERBLOOM Festival im ...<br \/><div class=\"pt-cv-rmwrap\"><a href=\"https:\/\/grafinggoesgreen.de\/index.php\/2024\/09\/24\/grafing-goes-green-auf-dem-superbloom-festival-2024\/\" class=\"_self pt-cv-readmore btn btn-success\" target=\"_self\">Weiterlesen\u00a0\u2026<\/a><\/div><\/div><\/div><\/div><\/div>\n<div class=\"col-md-12 col-sm-12 col-xs-12 pt-cv-content-item pt-cv-2-col\" ><div class='pt-cv-ifield'><a href=\"https:\/\/grafinggoesgreen.de\/index.php\/2023\/10\/29\/3-platz-beim-innovationspreis-2020-des-landkreis-ebersberg\/\" class=\"_self pt-cv-href-thumbnail pt-cv-thumb-left\" target=\"_self\" ><\/a>\n<div class=\"pt-cv-colwrap\"><h4 class=\"pt-cv-title\"><a href=\"https:\/\/grafinggoesgreen.de\/index.php\/2023\/10\/29\/3-platz-beim-innovationspreis-2020-des-landkreis-ebersberg\/\" class=\"_self\" target=\"_self\" >3. Platz beim Innovationspreis 2020 des Landkreis Ebersberg &#8211; Video<\/a><\/h4><div class=\"pt-cv-content\">Grafing Goes Green ist beim Innovationspreis des Landkreises Ebersberg 2020 mit dem dritten Platz ausgezeichnet worden. Die Preisverleihung fand \u2013 ...<br \/><div class=\"pt-cv-rmwrap\"><a href=\"https:\/\/grafinggoesgreen.de\/index.php\/2023\/10\/29\/3-platz-beim-innovationspreis-2020-des-landkreis-ebersberg\/\" class=\"_self pt-cv-readmore btn btn-success\" target=\"_self\">Weiterlesen\u00a0\u2026<\/a><\/div><\/div><\/div><\/div><\/div>\n<div class=\"col-md-12 col-sm-12 col-xs-12 pt-cv-content-item pt-cv-2-col\" ><div class='pt-cv-ifield'><a href=\"https:\/\/grafinggoesgreen.de\/index.php\/2023\/07\/25\/wir-haben-den-buergerenergiepreis-oberbayern-gewonnen\/\" class=\"_self pt-cv-href-thumbnail pt-cv-thumb-left\" target=\"_self\" ><img decoding=\"async\" width=\"150\" height=\"150\" src=\"https:\/\/grafinggoesgreen.de\/wp-content\/uploads\/2023\/09\/Buergerenergiepreis-klein-150x150.jpg\" class=\"pt-cv-thumbnail pull-left\" alt=\"Die Mitglieder von Grafing Goes Green e.V. bei der Preisverleihung des B\u00fcrgerenergiepreises Oberbayern\" srcset=\"https:\/\/grafinggoesgreen.de\/wp-content\/uploads\/2023\/09\/Buergerenergiepreis-klein-150x150.jpg 150w, https:\/\/grafinggoesgreen.de\/wp-content\/uploads\/2023\/09\/Buergerenergiepreis-klein-1x1.jpg 1w\" sizes=\"(max-width: 150px) 100vw, 150px\" \/><\/a>\n<div class=\"pt-cv-colwrap\"><h4 class=\"pt-cv-title\"><a href=\"https:\/\/grafinggoesgreen.de\/index.php\/2023\/07\/25\/wir-haben-den-buergerenergiepreis-oberbayern-gewonnen\/\" class=\"_self\" target=\"_self\" >Wir haben den B\u00fcrgerenergiepreis Oberbayern gewonnen!<\/a><\/h4><div class=\"pt-cv-content\">Engagement lohnt sich: 3.333 Euro Preisgeld \u201eSo jung und doch schon Vorbild f\u00fcr jede Generation\u201c \u2013 das ist der erste ...<br \/><div class=\"pt-cv-rmwrap\"><a href=\"https:\/\/grafinggoesgreen.de\/index.php\/2023\/07\/25\/wir-haben-den-buergerenergiepreis-oberbayern-gewonnen\/\" class=\"_self pt-cv-readmore btn btn-success\" target=\"_self\">Weiterlesen\u00a0\u2026<\/a><\/div><\/div><\/div><\/div><\/div>\n<div class=\"col-md-12 col-sm-12 col-xs-12 pt-cv-content-item pt-cv-2-col\" ><div class='pt-cv-ifield'><a href=\"https:\/\/grafinggoesgreen.de\/index.php\/2022\/10\/02\/grafing-goes-green-und-ebersberg-jetzt-auch\/\" class=\"_self pt-cv-href-thumbnail pt-cv-thumb-left\" target=\"_self\" ><img loading=\"lazy\" decoding=\"async\" width=\"150\" height=\"150\" src=\"https:\/\/grafinggoesgreen.de\/wp-content\/uploads\/2023\/03\/IMG_0725jj-1-150x150.jpeg\" class=\"pt-cv-thumbnail pull-left\" alt=\"\" srcset=\"https:\/\/grafinggoesgreen.de\/wp-content\/uploads\/2023\/03\/IMG_0725jj-1-150x150.jpeg 150w, https:\/\/grafinggoesgreen.de\/wp-content\/uploads\/2023\/03\/IMG_0725jj-1-1x1.jpeg 1w\" sizes=\"(max-width: 150px) 100vw, 150px\" \/><\/a>\n<div class=\"pt-cv-colwrap\"><h4 class=\"pt-cv-title\"><a href=\"https:\/\/grafinggoesgreen.de\/index.php\/2022\/10\/02\/grafing-goes-green-und-ebersberg-jetzt-auch\/\" class=\"_self\" target=\"_self\" >Grafing Goes Green &#8211; und Ebersberg jetzt auch<\/a><\/h4><div class=\"pt-cv-content\">Alles hat mit einer Idee angefangen \u2013 und mittlerweile kann man schon seit September 2019 unsere Stempelkarte in vielen Grafinger ...<br \/><div class=\"pt-cv-rmwrap\"><a href=\"https:\/\/grafinggoesgreen.de\/index.php\/2022\/10\/02\/grafing-goes-green-und-ebersberg-jetzt-auch\/\" class=\"_self pt-cv-readmore btn btn-success\" target=\"_self\">Weiterlesen\u00a0\u2026<\/a><\/div><\/div><\/div><\/div><\/div>\n<div class=\"col-md-12 col-sm-12 col-xs-12 pt-cv-content-item pt-cv-2-col\" ><div class='pt-cv-ifield'><a href=\"https:\/\/grafinggoesgreen.de\/index.php\/2022\/09\/07\/grafing-goes-green-beim-superbloom-festival-2022-in-muenchen\/\" class=\"_self pt-cv-href-thumbnail pt-cv-thumb-left\" target=\"_self\" ><img loading=\"lazy\" decoding=\"async\" width=\"150\" height=\"150\" src=\"https:\/\/grafinggoesgreen.de\/wp-content\/uploads\/2023\/03\/WhatsApp-Image-2023-03-19-at-16.58.19-150x150.jpeg\" class=\"pt-cv-thumbnail pull-left\" alt=\"\" srcset=\"https:\/\/grafinggoesgreen.de\/wp-content\/uploads\/2023\/03\/WhatsApp-Image-2023-03-19-at-16.58.19-150x150.jpeg 150w, https:\/\/grafinggoesgreen.de\/wp-content\/uploads\/2023\/03\/WhatsApp-Image-2023-03-19-at-16.58.19-1x1.jpeg 1w\" sizes=\"(max-width: 150px) 100vw, 150px\" \/><\/a>\n<div class=\"pt-cv-colwrap\"><h4 class=\"pt-cv-title\"><a href=\"https:\/\/grafinggoesgreen.de\/index.php\/2022\/09\/07\/grafing-goes-green-beim-superbloom-festival-2022-in-muenchen\/\" class=\"_self\" target=\"_self\" >Grafing Goes Green beim SUPERBLOOM-Festival 2022 in M\u00fcnchen<\/a><\/h4><div class=\"pt-cv-content\">Am Wochenende des 03. und 04. Septembers 2022 fand das SUPERBLOOM Festival im Olympiazentrum in M\u00fcnchen statt \u2013 und wir ...<br \/><div class=\"pt-cv-rmwrap\"><a href=\"https:\/\/grafinggoesgreen.de\/index.php\/2022\/09\/07\/grafing-goes-green-beim-superbloom-festival-2022-in-muenchen\/\" class=\"_self pt-cv-readmore btn btn-success\" target=\"_self\">Weiterlesen\u00a0\u2026<\/a><\/div><\/div><\/div><\/div><\/div>\n<div class=\"col-md-12 col-sm-12 col-xs-12 pt-cv-content-item pt-cv-2-col\" ><div class='pt-cv-ifield'><a href=\"https:\/\/grafinggoesgreen.de\/index.php\/2022\/07\/23\/mehrweg-ist-der-weg-die-infoveranstaltung-ueber-mehrwegboxen-systeme\/\" class=\"_self pt-cv-href-thumbnail pt-cv-thumb-left\" target=\"_self\" ><img loading=\"lazy\" decoding=\"async\" width=\"150\" height=\"150\" src=\"https:\/\/grafinggoesgreen.de\/wp-content\/uploads\/2023\/03\/WhatsApp-Image-2023-03-19-at-16.45.59-150x150.jpeg\" class=\"pt-cv-thumbnail pull-left\" alt=\"\" srcset=\"https:\/\/grafinggoesgreen.de\/wp-content\/uploads\/2023\/03\/WhatsApp-Image-2023-03-19-at-16.45.59-150x150.jpeg 150w, https:\/\/grafinggoesgreen.de\/wp-content\/uploads\/2023\/03\/WhatsApp-Image-2023-03-19-at-16.45.59-1x1.jpeg 1w\" sizes=\"(max-width: 150px) 100vw, 150px\" \/><\/a>\n<div class=\"pt-cv-colwrap\"><h4 class=\"pt-cv-title\"><a href=\"https:\/\/grafinggoesgreen.de\/index.php\/2022\/07\/23\/mehrweg-ist-der-weg-die-infoveranstaltung-ueber-mehrwegboxen-systeme\/\" class=\"_self\" target=\"_self\" >Mehrweg ist der Weg: unsere Infoveranstaltung \u00fcber Mehrwegboxen-Systeme<\/a><\/h4><div class=\"pt-cv-content\">Grafing Goes Green m\u00f6chte auch mit Infoveranstaltungen und Aktionen den Umweltschutz in der Umgebung vorantreiben. Ein Beispiel daf\u00fcr ist der ...<br \/><div class=\"pt-cv-rmwrap\"><a href=\"https:\/\/grafinggoesgreen.de\/index.php\/2022\/07\/23\/mehrweg-ist-der-weg-die-infoveranstaltung-ueber-mehrwegboxen-systeme\/\" class=\"_self pt-cv-readmore btn btn-success\" target=\"_self\">Weiterlesen\u00a0\u2026<\/a><\/div><\/div><\/div><\/div><\/div>\n<div class=\"col-md-12 col-sm-12 col-xs-12 pt-cv-content-item pt-cv-2-col\" ><div class='pt-cv-ifield'><a href=\"https:\/\/grafinggoesgreen.de\/index.php\/2022\/07\/06\/mehrweg-ist-der-weg-einladung-zur-rebowl-infoveranstaltung\/\" class=\"_self pt-cv-href-thumbnail pt-cv-thumb-left\" target=\"_self\" ><img loading=\"lazy\" decoding=\"async\" width=\"150\" height=\"150\" src=\"https:\/\/grafinggoesgreen.de\/wp-content\/uploads\/2023\/03\/WhatsApp-Image-2023-03-17-at-11.01.57-e1679048232506-150x150.jpeg\" class=\"pt-cv-thumbnail pull-left\" alt=\"\" srcset=\"https:\/\/grafinggoesgreen.de\/wp-content\/uploads\/2023\/03\/WhatsApp-Image-2023-03-17-at-11.01.57-e1679048232506-150x150.jpeg 150w, https:\/\/grafinggoesgreen.de\/wp-content\/uploads\/2023\/03\/WhatsApp-Image-2023-03-17-at-11.01.57-e1679048232506-1x1.jpeg 1w\" sizes=\"(max-width: 150px) 100vw, 150px\" \/><\/a>\n<div class=\"pt-cv-colwrap\"><h4 class=\"pt-cv-title\"><a href=\"https:\/\/grafinggoesgreen.de\/index.php\/2022\/07\/06\/mehrweg-ist-der-weg-einladung-zur-rebowl-infoveranstaltung\/\" class=\"_self\" target=\"_self\" >Mehrweg ist der Weg! &#8211; Einladung zur ReBowl Infoveranstaltung<\/a><\/h4><div class=\"pt-cv-content\">Liebe GastronomInnen, Mehrwegverpackungen entlasten die Umwelt und Ihren Geldbeutel - und sind zudem ab n\u00e4chstem Jahr f\u00fcr die meisten Gastronomiebetriebe ...<br \/><div class=\"pt-cv-rmwrap\"><a href=\"https:\/\/grafinggoesgreen.de\/index.php\/2022\/07\/06\/mehrweg-ist-der-weg-einladung-zur-rebowl-infoveranstaltung\/\" class=\"_self pt-cv-readmore btn btn-success\" target=\"_self\">Weiterlesen\u00a0\u2026<\/a><\/div><\/div><\/div><\/div><\/div>\n<div class=\"col-md-12 col-sm-12 col-xs-12 pt-cv-content-item pt-cv-2-col\" ><div class='pt-cv-ifield'><a href=\"https:\/\/grafinggoesgreen.de\/index.php\/2021\/10\/30\/1560\/\" class=\"_self pt-cv-href-thumbnail pt-cv-thumb-left\" target=\"_self\" ><img loading=\"lazy\" decoding=\"async\" width=\"150\" height=\"150\" src=\"https:\/\/grafinggoesgreen.de\/wp-content\/uploads\/2023\/09\/Anmerkung-wir-besitzen-dieses-Bild-nicht-Foto-von-Muenchner-Merkur-s.-Link-3-150x150.png\" class=\"pt-cv-thumbnail pull-left\" alt=\"\" srcset=\"https:\/\/grafinggoesgreen.de\/wp-content\/uploads\/2023\/09\/Anmerkung-wir-besitzen-dieses-Bild-nicht-Foto-von-Muenchner-Merkur-s.-Link-3-150x150.png 150w, https:\/\/grafinggoesgreen.de\/wp-content\/uploads\/2023\/09\/Anmerkung-wir-besitzen-dieses-Bild-nicht-Foto-von-Muenchner-Merkur-s.-Link-3-1x1.png 1w\" sizes=\"(max-width: 150px) 100vw, 150px\" \/><\/a>\n<div class=\"pt-cv-colwrap\"><h4 class=\"pt-cv-title\"><a href=\"https:\/\/grafinggoesgreen.de\/index.php\/2021\/10\/30\/1560\/\" class=\"_self\" target=\"_self\" >3. Platz beim Innovationspreis 2020 des Landkreis Ebersberg &#8211; Artikel<\/a><\/h4><div class=\"pt-cv-content\">https:\/\/www.instagram.com\/p\/CVm4A9_LmS3\/ ...<br \/><div class=\"pt-cv-rmwrap\"><a href=\"https:\/\/grafinggoesgreen.de\/index.php\/2021\/10\/30\/1560\/\" class=\"_self pt-cv-readmore btn btn-success\" target=\"_self\">Weiterlesen\u00a0\u2026<\/a><\/div><\/div><\/div><\/div><\/div><\/div><\/div><\/div>\n","protected":false},"excerpt":{"rendered":"","protected":false},"author":1,"featured_media":0,"parent":0,"menu_order":6,"comment_status":"closed","ping_status":"closed","template":"","meta":{"footnotes":""},"class_list":["post-1587","page","type-page","status-publish","hentry"],"_links":{"self":[{"href":"https:\/\/grafinggoesgreen.de\/index.php\/wp-json\/wp\/v2\/pages\/1587","targetHints":{"allow":["GET"]}}],"collection":[{"href":"https:\/\/grafinggoesgreen.de\/index.php\/wp-json\/wp\/v2\/pages"}],"about":[{"href":"https:\/\/grafinggoesgreen.de\/index.php\/wp-json\/wp\/v2\/types\/page"}],"author":[{"embeddable":true,"href":"https:\/\/grafinggoesgreen.de\/index.php\/wp-json\/wp\/v2\/users\/1"}],"replies":[{"embeddable":true,"href":"https:\/\/grafinggoesgreen.de\/index.php\/wp-json\/wp\/v2\/comments?post=1587"}],"version-history":[{"count":3,"href":"https:\/\/grafinggoesgreen.de\/index.php\/wp-json\/wp\/v2\/pages\/1587\/revisions"}],"predecessor-version":[{"id":1590,"href":"https:\/\/grafinggoesgreen.de\/index.php\/wp-json\/wp\/v2\/pages\/1587\/revisions\/1590"}],"wp:attachment":[{"href":"https:\/\/grafinggoesgreen.de\/index.php\/wp-json\/wp\/v2\/media?parent=1587"}],"curies":[{"name":"wp","href":"https:\/\/api.w.org\/{rel}","templated":true}]}}